{"id":199,"date":"2014-11-19T20:42:55","date_gmt":"2014-11-19T20:42:55","guid":{"rendered":"https:\/\/adeoq.com\/\/?page_id=199"},"modified":"2025-10-22T03:44:21","modified_gmt":"2025-10-22T03:44:21","slug":"commission-scolaire-au-coeur-des-vallees","status":"publish","type":"page","link":"https:\/\/adeoq.com\/?page_id=199","title":{"rendered":"Centre de services scolaire au C\u0153ur-des-Vall\u00e9es"},"content":{"rendered":"<p><strong>Coordonnatrice: <a href=\"mailto:renee.larochelle@csscv.gouv.qc.ca\">Ren\u00e9e Larochelle<\/a>\u00a0<\/strong><\/p>\n<p><a href=\"https:\/\/www.csscv.gouv.qc.ca\/ecoles-centres\">Liste et coordonn\u00e9es des \u00e9tablissements de CSSCV<br \/>\n<\/a><\/p>\n<table width=\"100%\">\n<tbody>\n<tr>\n<td width=\"182\">Beauchamp, Jean<\/td>\n<td width=\"150\">Directeur<\/td>\n<td width=\"234\">Centre la Cit\u00e9 &amp; Centre le Vallon<\/td>\n<\/tr>\n<tr>\n<td width=\"182\">B\u00e9dard, Karine<\/td>\n<td width=\"150\">Directrice<\/td>\n<td width=\"234\">\u00c9cole Saint-Jean-de-Br\u00e9beuf<\/td>\n<\/tr>\n<tr>\n<td width=\"182\">Bellerive, Nathalie<\/td>\n<td width=\"150\">Directrice adjointe<\/td>\n<td width=\"234\">\u00c9cole secondaire Hormisdas-Gamelin<\/td>\n<\/tr>\n<tr>\n<td width=\"182\">Boisvenue, Annie<\/td>\n<td width=\"150\">Directrice<\/td>\n<td width=\"234\">\u00c9cole Monseigneur-Charbonneau<\/td>\n<\/tr>\n<tr>\n<td width=\"182\">Brochu, Anne<\/td>\n<td width=\"150\">Directrice adjointe<\/td>\n<td width=\"234\">\u00c9cole du Sacr\u00e9-C\u0153ur (Gatineau)<\/td>\n<\/tr>\n<tr>\n<td width=\"182\">Charron Le Guerrier, Jean-Fran\u00e7ois<\/td>\n<td width=\"150\">Directeur<\/td>\n<td width=\"234\">\u00c9cole du Sacr\u00e9-C\u0153ur (Gatineau)<\/td>\n<\/tr>\n<tr>\n<td width=\"182\">Cloutier, V\u00e9ronique<\/td>\n<td width=\"150\">Directrice adjointe<\/td>\n<td width=\"234\">\u00c9cole secondaire Louis-Joseph-Papineau<\/td>\n<\/tr>\n<tr>\n<td width=\"182\">C\u00f4t\u00e9, Nathalie<\/td>\n<td width=\"150\">Directrice adjointe<\/td>\n<td width=\"234\">\u00c9cole Saint-Laurent<\/td>\n<\/tr>\n<tr>\n<td width=\"182\">Desjardins, Karine<\/td>\n<td width=\"150\">Directrice<\/td>\n<td width=\"234\">\u00c9cole aux Quatre-Vents<\/td>\n<\/tr>\n<tr>\n<td width=\"182\">Dubuc, Suzie<\/td>\n<td width=\"150\">Directrice<\/td>\n<td width=\"234\">\u00c9cole du Ruisseau et \u00c9cole Saint-Laurent<\/td>\n<\/tr>\n<tr>\n<td width=\"182\">Dumont, Marie-Emmanuelle<\/td>\n<td width=\"150\">Directrice<\/td>\n<td width=\"234\">\u00c9cole Adrien-Guillaume<\/td>\n<\/tr>\n<tr>\n<td width=\"182\">Gaudreault, J\u00e9r\u00e9my<\/td>\n<td width=\"150\">Directeur adjoint<\/td>\n<td width=\"234\">\u00c9cole du Ruisseau<\/td>\n<\/tr>\n<tr>\n<td width=\"182\">Grandmaison, Myl\u00e8ne<\/td>\n<td width=\"150\">Directrice adjointe<\/td>\n<td width=\"234\">\u00c9cole secondaire Hormisdas-Gamelin<\/td>\n<\/tr>\n<tr>\n<td width=\"182\">Labont\u00e9, Katia<\/td>\n<td width=\"150\">Directrice \/ Directrice adjointe<\/td>\n<td width=\"234\">\u00c9cole Sainte-Pie-X et \u00c9cole secondaire Louis-Joseph-Papineau<\/td>\n<\/tr>\n<tr>\n<td width=\"182\">Lacasse-L\u00e9pine, Bianka<\/td>\n<td width=\"150\">Directrice<\/td>\n<td width=\"234\">\u00c9cole Sainte-Famille \/ aux Trois-Chemins<\/td>\n<\/tr>\n<tr>\n<td width=\"182\">Lambert, Janik<\/td>\n<td width=\"150\">Directrice<\/td>\n<td width=\"234\">\u00c9cole Providence\/Immeuble J.M. Robert<\/td>\n<\/tr>\n<tr>\n<td width=\"182\">Larochelle, Ren\u00e9e<\/td>\n<td width=\"150\">Directrice<\/td>\n<td width=\"234\">\u00c9cole du Bois\u00e9<\/td>\n<\/tr>\n<tr>\n<td width=\"182\">Latour, Jonathan<\/td>\n<td width=\"150\">Directeur adjoint<\/td>\n<td width=\"234\">\u00c9cole secondaire Louis-Joseph-Papineau<\/td>\n<\/tr>\n<tr>\n<td width=\"182\">Martel, Nathalie<\/td>\n<td width=\"150\">Directrice<\/td>\n<td width=\"234\">\u00c9cole Saint-Michel (Montebello)<\/td>\n<\/tr>\n<tr>\n<td width=\"182\">Moore, Caroline<\/td>\n<td width=\"150\">Directrice<\/td>\n<td width=\"234\">\u00c9cole Saint-Michel (Gatineau)<\/td>\n<\/tr>\n<tr>\n<td width=\"182\">Mougeot, St\u00e9phane<\/td>\n<td width=\"150\">Directeur<\/td>\n<td width=\"234\">\u00c9cole de la Montagne<\/td>\n<\/tr>\n<tr>\n<td width=\"182\">Pacheco, Denis<\/td>\n<td width=\"150\">Directeur<\/td>\n<td width=\"234\">\u00c9cole secondaire Hormisdas-Gamelin<\/td>\n<\/tr>\n<tr>\n<td width=\"182\">Pag\u00e9, Manon<\/td>\n<td width=\"150\">Directrice<\/td>\n<td width=\"234\">\u00c9cole des Grands-Pins<\/td>\n<\/tr>\n<tr>\n<td width=\"182\">Paquette, Jos\u00e9e<\/td>\n<td width=\"150\">Directrice<\/td>\n<td width=\"234\">\u00c9cole secondaire Louis-Joseph-Papineau<\/td>\n<\/tr>\n<tr>\n<td width=\"182\">R\u00e9gimbald,\u00a0 Jean-Fran\u00e7ois<\/td>\n<td width=\"150\">Directeur\/ Directeur adjoint<\/td>\n<td width=\"234\">\u00c9cole Sacr\u00e9-C\u0153ur ( Plaisance) et \u00c9cole secondaire Hormisdas-Gamelin<\/td>\n<\/tr>\n<tr>\n<td width=\"182\">S\u00e9guin, Sandra<\/td>\n<td width=\"150\">Directrice<\/td>\n<td width=\"234\">\u00c9cole Saint-C\u0153ur-de-Marie<\/td>\n<\/tr>\n<tr>\n<td width=\"182\">Sincennes, \u00c9ric<\/td>\n<td width=\"150\">Directeur<\/td>\n<td width=\"234\">\u00c9cole Maria-Goretti<\/td>\n<\/tr>\n<tr>\n<td width=\"182\">Tremblay, Katherine<\/td>\n<td width=\"150\">Directrice adjointe<\/td>\n<td width=\"234\">Centre la Cit\u00e9 et Centre le Vallon<\/td>\n<\/tr>\n<tr>\n<td width=\"182\">Trudel, Judith<\/td>\n<td width=\"150\">Directrice adjointe<\/td>\n<td width=\"234\">\u00c9cole secondaire Hormisdas-Gamelin<\/td>\n<\/tr>\n<\/tbody>\n<\/table>\n","protected":false},"excerpt":{"rendered":"<p>Coordonnatrice: Ren\u00e9e Larochelle\u00a0 Liste et coordonn\u00e9es des \u00e9tablissements de CSSCV Beauchamp, Jean Directeur Centre la Cit\u00e9 &amp; Centre le Vallon B\u00e9dard, Karine Directrice \u00c9cole Saint-Jean-de-Br\u00e9beuf Bellerive, Nathalie Directrice adjointe \u00c9cole secondaire Hormisdas-Gamelin Boisvenue, Annie Directrice \u00c9cole Monseigneur-Charbonneau Brochu, Anne Directrice adjointe \u00c9cole du Sacr\u00e9-C\u0153ur (Gatineau) Charron Le Guerrier, Jean-Fran\u00e7ois Directeur \u00c9cole du Sacr\u00e9-C\u0153ur (Gatineau) Cloutier, [&hellip;]<\/p>\n","protected":false},"author":1,"featured_media":0,"parent":0,"menu_order":0,"comment_status":"open","ping_status":"open","template":"","meta":{"_et_pb_use_builder":"off","_et_pb_old_content":"","_et_gb_content_width":"","footnotes":""},"class_list":["post-199","page","type-page","status-publish","hentry"],"_links":{"self":[{"href":"https:\/\/adeoq.com\/index.php?rest_route=\/wp\/v2\/pages\/199","targetHints":{"allow":["GET"]}}],"collection":[{"href":"https:\/\/adeoq.com\/index.php?rest_route=\/wp\/v2\/pages"}],"about":[{"href":"https:\/\/adeoq.com\/index.php?rest_route=\/wp\/v2\/types\/page"}],"author":[{"embeddable":true,"href":"https:\/\/adeoq.com\/index.php?rest_route=\/wp\/v2\/users\/1"}],"replies":[{"embeddable":true,"href":"https:\/\/adeoq.com\/index.php?rest_route=%2Fwp%2Fv2%2Fcomments&post=199"}],"version-history":[{"count":67,"href":"https:\/\/adeoq.com\/index.php?rest_route=\/wp\/v2\/pages\/199\/revisions"}],"predecessor-version":[{"id":2393,"href":"https:\/\/adeoq.com\/index.php?rest_route=\/wp\/v2\/pages\/199\/revisions\/2393"}],"wp:attachment":[{"href":"https:\/\/adeoq.com\/index.php?rest_route=%2Fwp%2Fv2%2Fmedia&parent=199"}],"curies":[{"name":"wp","href":"https:\/\/api.w.org\/{rel}","templated":true}]}}