{"id":201,"date":"2014-11-19T20:43:08","date_gmt":"2014-11-19T20:43:08","guid":{"rendered":"https:\/\/adeoq.com\/\/?page_id=201"},"modified":"2025-10-29T01:15:04","modified_gmt":"2025-10-29T01:15:04","slug":"commission-scolaire-des-draveurs","status":"publish","type":"page","link":"https:\/\/adeoq.com\/?page_id=201","title":{"rendered":"Centre de services scolaire des Draveurs"},"content":{"rendered":"<p><strong>Coordonnatrice: <\/strong><strong><a href=\"mailto:amassie@cssd.gouv.qc.ca\">Annick Massie<\/a><\/strong><\/p>\n<p><a href=\"https:\/\/www.cssd.gouv.qc.ca\/etablissements\/primaires\">Liste et coordonn\u00e9es des \u00e9tablissements de la CSSD<\/a><\/p>\n<table width=\"100%\">\n<tbody>\n<tr>\n<td width=\"186\">Auger-Lafontaine, Andr\u00e9e<\/td>\n<td width=\"162\">Directrice adjointe<\/td>\n<td width=\"218\">\u00c9cole primaire le Carrefour<\/td>\n<\/tr>\n<tr>\n<td width=\"186\">Barbe, Nathalie<\/td>\n<td width=\"162\">Directrice<\/td>\n<td width=\"218\">\u00c9cole Le Petit Prince<\/td>\n<\/tr>\n<tr>\n<td width=\"186\">Baril, Marie-Jos\u00e9e<\/td>\n<td width=\"162\">Directrice<\/td>\n<td width=\"218\">\u00c9cole de Touraine<\/td>\n<\/tr>\n<tr>\n<td width=\"186\">Beauchamp, V\u00e9ronic<\/td>\n<td width=\"162\">Directrice adjointe<\/td>\n<td width=\"218\">\u00c9cole des C\u00e9pages<\/td>\n<\/tr>\n<tr>\n<td width=\"186\">Bergeron, Patricia<\/td>\n<td width=\"162\">Directrice par int\u00e9rim<\/td>\n<td width=\"218\">\u00c9cole de l\u2019Odyss\u00e9e<\/td>\n<\/tr>\n<tr>\n<td width=\"186\">Bernier, Sylvie<\/td>\n<td width=\"162\">Directrice adjointe<\/td>\n<td width=\"218\">\u00c9cole de Touraine<\/td>\n<\/tr>\n<tr>\n<td width=\"186\">Bertrand, Natalie<\/td>\n<td width=\"162\">Directrice<\/td>\n<td width=\"218\">\u00c9cole du Nouveau-Monde<\/td>\n<\/tr>\n<tr>\n<td width=\"186\">Bigelow, Andr\u00e9e<\/td>\n<td width=\"162\">Directrice adjointe<\/td>\n<td width=\"218\">\u00c9cole polyvalente Nicolas-Gatineau<\/td>\n<\/tr>\n<tr>\n<td width=\"186\">Bisson, V\u00e9ronique<\/td>\n<td width=\"162\">Directrice<\/td>\n<td width=\"218\">\u00c9cole Carle<\/td>\n<\/tr>\n<tr>\n<td width=\"186\">Blanchard, Isabelle<\/td>\n<td width=\"162\">Directrice<\/td>\n<td width=\"218\">\u00c9cole de la Rose-des-Vents<\/td>\n<\/tr>\n<tr>\n<td width=\"186\">Boileau, Marilyne<\/td>\n<td width=\"162\">Directrice<\/td>\n<td width=\"218\">\u00c9cole du Bois-Joli<\/td>\n<\/tr>\n<tr>\n<td width=\"186\">Brassard, Anik<\/td>\n<td width=\"162\">Directrice adjointe par int\u00e9rim<\/td>\n<td width=\"218\">\u00c9cole du Nouveau-Monde<\/td>\n<\/tr>\n<tr>\n<td width=\"186\">Cayer, Jonathan<\/td>\n<td width=\"162\">Directeur<\/td>\n<td width=\"218\">\u00c9cole Le Tremplin<\/td>\n<\/tr>\n<tr>\n<td width=\"186\">Charbonneau, Isabelle<\/td>\n<td width=\"162\">Directrice adjointe<\/td>\n<td width=\"218\">\u00c9cole du Cheval-Blanc<\/td>\n<\/tr>\n<tr>\n<td width=\"186\">Charette, M\u00e9lanie<\/td>\n<td width=\"162\">Directrice<\/td>\n<td width=\"218\">\u00c9cole des C\u00e9pages<\/td>\n<\/tr>\n<tr>\n<td width=\"186\">Cloutier, Simon<\/td>\n<td width=\"162\">Directeur adjoint<\/td>\n<td width=\"218\">\u00c9cole du Cheval-Blanc et de l&rsquo;Envol\u00e9e<\/td>\n<\/tr>\n<tr>\n<td width=\"186\">Cloutier, Sonia<\/td>\n<td width=\"162\">Directrice<\/td>\n<td width=\"218\">\u00c9cole de l\u2019\u00c9quipage<\/td>\n<\/tr>\n<tr>\n<td width=\"186\">C\u00f4t\u00e9, Julie<\/td>\n<td width=\"162\">Directrice adjointe<\/td>\n<td width=\"218\">\u00c9cole polyvalente Nicolas-Gatineau<\/td>\n<\/tr>\n<tr>\n<td width=\"186\">Coutu, Genevi\u00e8ve<\/td>\n<td width=\"162\">Directrice adjointe<\/td>\n<td width=\"218\">\u00c9cole polyvalente le Carrefour<\/td>\n<\/tr>\n<tr>\n<td width=\"186\">Cr\u00e9pin, Myl\u00e8ne<\/td>\n<td width=\"162\">Directrice adjointe<\/td>\n<td width=\"218\">\u00c9cole de la Travers\u00e9e<\/td>\n<\/tr>\n<tr>\n<td width=\"186\">Custeau, William<\/td>\n<td width=\"162\">Directeur<\/td>\n<td width=\"218\">\u00c9cole Mass\u00e9<\/td>\n<\/tr>\n<tr>\n<td width=\"186\">Cyr, Nadine<\/td>\n<td width=\"162\">Directrice<\/td>\n<td width=\"218\">\u00c9cole la Sablonni\u00e8re<\/td>\n<\/tr>\n<tr>\n<td width=\"186\">Daoust, Jessica<\/td>\n<td width=\"162\">Directrice adjointe<\/td>\n<td width=\"218\">\u00c9cole polyvalente de l\u2019\u00c9rabli\u00e8re<\/td>\n<\/tr>\n<tr>\n<td width=\"186\">Daoust, V\u00e9ronicque<\/td>\n<td width=\"162\">Directrice<\/td>\n<td width=\"218\">\u00c9cole des Sentiers<\/td>\n<\/tr>\n<tr>\n<td width=\"186\"><\/td>\n<td width=\"162\"><\/td>\n<td width=\"218\"><\/td>\n<\/tr>\n<tr>\n<td width=\"186\">Delisle, Martine<\/td>\n<td width=\"162\">Directrice adjointe<\/td>\n<td width=\"218\">\u00c9cole du Vallon<\/td>\n<\/tr>\n<tr>\n<td width=\"186\">Desgagn\u00e9, M\u00e9lanie<\/td>\n<td width=\"162\">Directrice adjointe<\/td>\n<td width=\"218\">\u00c9cole La Source<\/td>\n<\/tr>\n<tr>\n<td width=\"186\">Dinelle, Am\u00e9lie<\/td>\n<td width=\"162\">Directrice adjointe<\/td>\n<td width=\"218\">\u00c9cole secondaire du Versant<\/td>\n<\/tr>\n<tr>\n<td width=\"186\">Dubois, Nathalie<\/td>\n<td width=\"162\">Directrice adjointe<\/td>\n<td width=\"218\">\u00c9cole polyvalente de l\u2019\u00c9rabli\u00e8re<\/td>\n<\/tr>\n<tr>\n<td width=\"186\">Dufresne, Patrice<\/td>\n<td width=\"162\">Directeur adjoint<\/td>\n<td width=\"218\">\u00c9cole polyvalente Nicolas-Gatineau<\/td>\n<\/tr>\n<tr>\n<td width=\"186\">Gendron, Sylvie<\/td>\n<td width=\"162\">Directrice adjointe<\/td>\n<td width=\"218\">\u00c9cole de l\u2019Envol\u00e9e<\/td>\n<\/tr>\n<tr>\n<td width=\"186\">Goudreau, Manon<\/td>\n<td width=\"162\">Directrice adjointe<\/td>\n<td width=\"218\">\u00c9cole Le Petit Prince<\/td>\n<\/tr>\n<tr>\n<td width=\"186\">Grandmont, France<\/td>\n<td width=\"162\">Directrice adjointe<\/td>\n<td width=\"218\">\u00c9cole du Bois-Joli<\/td>\n<\/tr>\n<tr>\n<td width=\"186\">Gravel, Marie-Pier<\/td>\n<td width=\"162\">Directrice adjointe<\/td>\n<td width=\"218\">\u00c9cole L\u2019Oiseau Bleu<\/td>\n<\/tr>\n<tr>\n<td width=\"186\">Houle, M\u00e9lanie<\/td>\n<td width=\"162\">Directrice<\/td>\n<td width=\"218\">\u00c9cole de la Colline<\/td>\n<\/tr>\n<tr>\n<td width=\"186\">Julien-Genois, \u00c9milie<\/td>\n<td width=\"162\">Directrice<\/td>\n<td width=\"218\">\u00c9cole des Belles-Rives<\/td>\n<\/tr>\n<tr>\n<td width=\"186\">Kaczmarska, Sylwia<\/td>\n<td width=\"162\">Directrice adjointe<\/td>\n<td width=\"218\">\u00c9cole polyvalente de l\u2019\u00c9rabli\u00e8re<\/td>\n<\/tr>\n<tr>\n<td width=\"186\">Lachance, Sophie<\/td>\n<td width=\"162\">Directrice<\/td>\n<td width=\"218\">\u00c9cole de la Travers\u00e9e<\/td>\n<\/tr>\n<tr>\n<td width=\"186\">Lacombe, Chantal<\/td>\n<td width=\"162\">Directrice adjointe<\/td>\n<td width=\"218\">\u00c9cole polyvalente du Carrefour<\/td>\n<\/tr>\n<tr>\n<td width=\"186\">Laforge, \u00c9velyne<\/td>\n<td width=\"162\">Directrice adjointe<\/td>\n<td width=\"218\">\u00c9cole secondaire du Versant<\/td>\n<\/tr>\n<tr>\n<td width=\"186\">Lalonde, Marie-Michelle<\/td>\n<td width=\"162\">Directrice<\/td>\n<td width=\"218\">\u00c9cole de la Mont\u00e9e<\/td>\n<\/tr>\n<tr>\n<td width=\"186\">Landreville, Joannie<\/td>\n<td width=\"162\">Directrice adjointe<\/td>\n<td width=\"218\">\u00c9cole des Apprentis-Sages<\/td>\n<\/tr>\n<tr>\n<td width=\"186\">Lanthier, Julie<\/td>\n<td width=\"162\">Directrice adjointe<\/td>\n<td width=\"218\">\u00c9cole de l\u2019Escalade<\/td>\n<\/tr>\n<tr>\n<td width=\"186\">Laporte-Saumure, Isabelle<\/td>\n<td width=\"162\">Directrice<\/td>\n<td width=\"218\">\u00c9cole du Vallon<\/td>\n<\/tr>\n<tr>\n<td width=\"186\">Lapratte, Manon<\/td>\n<td width=\"162\">Directrice<\/td>\n<td width=\"218\">\u00c9cole des Apprentis-Sages<\/td>\n<\/tr>\n<tr>\n<td width=\"186\">Lauzon, Dominique<\/td>\n<td width=\"162\">Directrice<\/td>\n<td width=\"218\">\u00c9cole Sainte-\u00c9lizabeth<\/td>\n<\/tr>\n<tr>\n<td width=\"186\">L\u00e9cuyer, Jos\u00e9e<\/td>\n<td width=\"162\">Directrice adjointe<\/td>\n<td width=\"218\">\u00c9cole de la Sablonni\u00e8re<\/td>\n<\/tr>\n<tr>\n<td width=\"186\">L\u00e9ger, Isabelle<\/td>\n<td width=\"162\">Directrice<\/td>\n<td width=\"218\">\u00c9cole de l\u2019Or\u00e9e-des-Bois<\/td>\n<\/tr>\n<tr>\n<td width=\"186\">Maheu, Marie-Claude<\/td>\n<td width=\"162\">Directrice<\/td>\n<td width=\"218\">\u00c9cole des Trois-Saisons<\/td>\n<\/tr>\n<tr>\n<td width=\"186\">Massie, Annick<\/td>\n<td width=\"162\">Directrice<\/td>\n<td width=\"218\">\u00c9cole de l\u2019Escalade<\/td>\n<\/tr>\n<tr>\n<td width=\"186\">Michaud, Marie-Jos\u00e9e<\/td>\n<td width=\"162\">Directrice adjointe<\/td>\n<td width=\"218\">\u00c9cole de l\u2019\u00c9quipage<\/td>\n<\/tr>\n<tr>\n<td width=\"186\">Morin, Julie<\/td>\n<td width=\"162\">Directrice adjointe<\/td>\n<td width=\"218\">\u00c9cole de la Mont\u00e9e<\/td>\n<\/tr>\n<tr>\n<td width=\"186\">Morin-N\u00e9ron, Jessika<\/td>\n<td width=\"162\">Directrice<\/td>\n<td width=\"218\">\u00c9cole de l\u2019Oiseau-Bleu<\/td>\n<\/tr>\n<tr>\n<td width=\"186\">Normand, Lyne<\/td>\n<td width=\"162\">Directrice<\/td>\n<td width=\"218\">\u00c9cole du Sommet<\/td>\n<\/tr>\n<tr>\n<td width=\"186\">Olsen, Ian<\/td>\n<td width=\"162\">Directeur adjoint<\/td>\n<td width=\"218\">\u00c9cole secondaire du Versant<\/td>\n<\/tr>\n<tr>\n<td width=\"186\">Ouellette, Nathalie<\/td>\n<td width=\"162\">Directrice adjointe<\/td>\n<td width=\"218\">\u00c9cole polyvalente Le Carrefour<\/td>\n<\/tr>\n<tr>\n<td width=\"186\">Paiement, Karine<\/td>\n<td width=\"162\">Directrice adjointe<\/td>\n<td width=\"218\">\u00c9cole des Belles-Rives<\/td>\n<\/tr>\n<tr>\n<td width=\"186\">Paquin, Marilyn<\/td>\n<td width=\"162\">Directrice adjointe<\/td>\n<td width=\"218\">\u00c9cole de l\u2019Or\u00e9e-des-Bois et de la Rose-des-Vents<\/td>\n<\/tr>\n<tr>\n<td width=\"186\">Pich\u00e9, \u00c9milie<\/td>\n<td width=\"162\">Directrice adjointe<\/td>\n<td width=\"218\">\u00c9cole polyvalente de l\u2019\u00c9rabli\u00e8re<\/td>\n<\/tr>\n<tr>\n<td width=\"186\">Plouffe, M\u00e9lanie<\/td>\n<td width=\"162\">Directrice<\/td>\n<td width=\"218\">\u00c9cole la Source<\/td>\n<\/tr>\n<tr>\n<td width=\"186\">Poirier, Sindy<\/td>\n<td width=\"162\">Directrice adjointe<\/td>\n<td width=\"218\">\u00c9cole polyvalente du Carrefour<\/td>\n<\/tr>\n<tr>\n<td width=\"186\">Proulx, Karine<\/td>\n<td width=\"162\">Directrice adjointe<\/td>\n<td width=\"218\">\u00c9cole Carle<\/td>\n<\/tr>\n<tr>\n<td width=\"186\">Raymond, Genevi\u00e8ve<\/td>\n<td width=\"162\">Directrice<\/td>\n<td width=\"218\">\u00c9cole du Cheval-Blanc<\/td>\n<\/tr>\n<tr>\n<td width=\"186\">Rodgers, Josiane<\/td>\n<td width=\"162\">Directrice adjointe<\/td>\n<td width=\"218\">\u00c9cole polyvalente le Carrefour<\/td>\n<\/tr>\n<tr>\n<td width=\"186\">Roy, Isabelle<\/td>\n<td width=\"162\">Directrice adjointe<\/td>\n<td width=\"218\">\u00c9cole des Trois-Saisons<\/td>\n<\/tr>\n<tr>\n<td width=\"186\">Saint-Pierre, Caroline<\/td>\n<td width=\"162\">Directrice adjointe<\/td>\n<td width=\"218\">\u00c9cole du Bois-Joli<\/td>\n<\/tr>\n<tr>\n<td width=\"186\">Smith, V\u00e9ronique<\/td>\n<td width=\"162\">Directrice adjointe<\/td>\n<td width=\"218\">\u00c9cole polyvalente Nicolas-Gatineau<\/td>\n<\/tr>\n<tr>\n<td width=\"186\">Th\u00e9berge, Marie-\u00c8ve<\/td>\n<td width=\"162\">Directrice<\/td>\n<td width=\"218\">\u00c9cole Primaire le Carrefour et \u00c9cole polyvalente le Carrefour<\/td>\n<\/tr>\n<tr>\n<td width=\"186\">Thibodeau, Isabelle<\/td>\n<td width=\"162\">Directrice adjointe<\/td>\n<td width=\"218\">\u00c9cole polyvalente Nicolas-Gatineau<\/td>\n<\/tr>\n<tr>\n<td width=\"186\">Touati, Smail<\/td>\n<td width=\"162\">Directrice adjointe<\/td>\n<td width=\"218\">\u00c9cole polyvalente Nicolas-Gatineau<\/td>\n<\/tr>\n<tr>\n<td width=\"186\">Trempe, Natalie<\/td>\n<td width=\"162\">Directrice<\/td>\n<td width=\"218\">\u00c9cole de l\u2019Envol\u00e9e<\/td>\n<\/tr>\n<tr>\n<td width=\"186\">Turgeon, M\u00e9lanie<\/td>\n<td width=\"162\">Directrice adjointe par int\u00e9rim<\/td>\n<td width=\"218\">\u00c9cole de l\u2019Odyss\u00e9e<\/td>\n<\/tr>\n<tr>\n<td width=\"186\">Vallerand, Nancy<\/td>\n<td width=\"162\">Directrice adjointe<\/td>\n<td width=\"218\">Ecole du Nouveau-Monde<\/td>\n<\/tr>\n<\/tbody>\n<\/table>\n","protected":false},"excerpt":{"rendered":"<p>Coordonnatrice: Annick Massie Liste et coordonn\u00e9es des \u00e9tablissements de la CSSD Auger-Lafontaine, Andr\u00e9e Directrice adjointe \u00c9cole primaire le Carrefour Barbe, Nathalie Directrice \u00c9cole Le Petit Prince Baril, Marie-Jos\u00e9e Directrice \u00c9cole de Touraine Beauchamp, V\u00e9ronic Directrice adjointe \u00c9cole des C\u00e9pages Bergeron, Patricia Directrice par int\u00e9rim \u00c9cole de l\u2019Odyss\u00e9e Bernier, Sylvie Directrice adjointe \u00c9cole de Touraine Bertrand, [&hellip;]<\/p>\n","protected":false},"author":1,"featured_media":0,"parent":0,"menu_order":0,"comment_status":"open","ping_status":"open","template":"","meta":{"_et_pb_use_builder":"off","_et_pb_old_content":"<strong>Coordonnatrice: <\/strong><strong><a href=\"mailto:amassie@cssd.gouv.qc.ca\">Annick Massie<\/a><\/strong>\n\n<a href=\"https:\/\/www.cssd.gouv.qc.ca\/etablissements\/primaires\">Liste et coordonn\u00e9es des \u00e9tablissements de la CSSD<\/a>\n<table width=\"100%\">\n<tbody>\n<tr>\n<td width=\"225\">Auger-Lafontaine, Andr\u00e9e<\/td>\n<td width=\"205\">Directrice<\/td>\n<td width=\"290\">\u00c9cole des Belles-Rives<\/td>\n<\/tr>\n<tr>\n<td width=\"225\">Barbe, Nathalie<\/td>\n<td width=\"205\">Directrice<\/td>\n<td width=\"290\">\u00c9cole Le Petit Prince<\/td>\n<\/tr>\n<tr>\n<td width=\"225\">Baril, Marie-Jos\u00e9e<\/td>\n<td width=\"205\">Directrice<\/td>\n<td width=\"290\">\u00c9cole de l\u2019Envol\u00e9e<\/td>\n<\/tr>\n<tr>\n<td width=\"225\">Bertrand, Natalie<\/td>\n<td width=\"205\">Directrice<\/td>\n<td width=\"290\">\u00c9cole du Nouveau-Monde<\/td>\n<\/tr>\n<tr>\n<td width=\"225\">Bigelow, Andr\u00e9e<\/td>\n<td width=\"205\">Directrice adjointe<\/td>\n<td width=\"290\">\u00c9cole polyvalente Nicolas-Gatineau<\/td>\n<\/tr>\n<tr>\n<td width=\"225\">Bisson, V\u00e9ronique<\/td>\n<td width=\"205\">Directrice<\/td>\n<td width=\"290\">\u00c9cole Carle<\/td>\n<\/tr>\n<tr>\n<td width=\"225\">Blanchard, Isabelle<\/td>\n<td width=\"205\">Directrice<\/td>\n<td width=\"290\">\u00c9cole Sainte-\u00c9lizabeth<\/td>\n<\/tr>\n<tr>\n<td width=\"225\">Boileau, Marilyne<\/td>\n<td width=\"205\">Directrice<\/td>\n<td width=\"290\">\u00c9cole du Bois-Joli<\/td>\n<\/tr>\n<tr>\n<td width=\"225\">Carling, Jennifer<\/td>\n<td width=\"205\">Directrice adjointe<\/td>\n<td width=\"290\">\u00c9cole secondaire du Versant<\/td>\n<\/tr>\n<tr>\n<td width=\"225\">Carrier, Val\u00e9rie<\/td>\n<td width=\"205\">Directrice<\/td>\n<td width=\"290\">\u00c9cole polyvalente Nicolas-Gatineau<\/td>\n<\/tr>\n<tr>\n<td width=\"225\">Charette, M\u00e9lanie<\/td>\n<td width=\"205\">Directrice<\/td>\n<td width=\"290\">\u00c9cole du Cheval Blanc<\/td>\n<\/tr>\n<tr>\n<td width=\"225\">Chartrand, Patrick<\/td>\n<td width=\"205\">Directeur adjoint<\/td>\n<td width=\"290\">\u00c9cole des C\u00e9pages<\/td>\n<\/tr>\n<tr>\n<td width=\"225\">Clermont, Isabelle<\/td>\n<td width=\"205\">Directrice adjointe<\/td>\n<td width=\"290\">Polyvalente du Carrefour<\/td>\n<\/tr>\n<tr>\n<td width=\"225\">Cloutier, Sonia<\/td>\n<td width=\"205\">Directrice adjointe<\/td>\n<td width=\"290\">\u00c9cole du Nouveau-Monde<\/td>\n<\/tr>\n<tr>\n<td width=\"225\">C\u00f4t\u00e9, Julie<\/td>\n<td width=\"205\">Directrice adjointe<\/td>\n<td width=\"290\">\u00c9cole polyvalente Nicolas-Gatineau<\/td>\n<\/tr>\n<tr>\n<td width=\"225\">Cr\u00e9pin, Myl\u00e8ne<\/td>\n<td width=\"205\">Directrice adjointe par int\u00e9rim<\/td>\n<td width=\"290\">\u00c9cole de la Travers\u00e9e<\/td>\n<\/tr>\n<tr>\n<td width=\"225\">Custeau, William<\/td>\n<td width=\"205\">Directeur<\/td>\n<td width=\"290\">\u00c9cole Mass\u00e9<\/td>\n<\/tr>\n<tr>\n<td width=\"225\">Daoust, V\u00e9ronicque<\/td>\n<td width=\"205\">Directrice adjointe<\/td>\n<td width=\"290\">\u00c9cole du Bois-Joli<\/td>\n<\/tr>\n<tr>\n<td width=\"225\">Dault-Lagac\u00e9, Sylvain<\/td>\n<td width=\"205\">Directeur<\/td>\n<td width=\"290\">Polyvalente de l\u2019\u00c9rabli\u00e8re<\/td>\n<\/tr>\n<tr>\n<td width=\"225\">Delisle, Martine<\/td>\n<td width=\"205\">Directrice<\/td>\n<td width=\"290\">\u00c9cole de la Colline<\/td>\n<\/tr>\n<tr>\n<td width=\"225\">Delaune, Gabrielle<\/td>\n<td width=\"205\">Directrice adjointe par int\u00e9rim<\/td>\n<td width=\"290\">\u00c9cole de l\u2019Escalade<\/td>\n<\/tr>\n<tr>\n<td width=\"225\">Dinelle, Am\u00e9lie<\/td>\n<td width=\"205\">Directrice adjointe<\/td>\n<td width=\"290\">\u00c9cole secondaire du Versant<\/td>\n<\/tr>\n<tr>\n<td width=\"225\">Dubois, Nathalie<\/td>\n<td width=\"205\">Directrice adjointe<\/td>\n<td width=\"290\">Polyvalente du Carrefour<\/td>\n<\/tr>\n<tr>\n<td width=\"225\">Fournier, Joanne<\/td>\n<td width=\"205\">Directrice adjointe<\/td>\n<td width=\"290\">Polyvalente Nicolas-Gatineau<\/td>\n<\/tr>\n<tr>\n<td width=\"225\">Gauthier, Anie<\/td>\n<td width=\"205\">Directrice adjointe par int\u00e9rim<\/td>\n<td width=\"290\">Polyvalente du Carrefour<\/td>\n<\/tr>\n<tr>\n<td width=\"225\">Gigu\u00e8re, Patcey<\/td>\n<td width=\"205\">Directrice<\/td>\n<td width=\"290\">Centre comp\u00e9tences Outaouais<\/td>\n<\/tr>\n<tr>\n<td width=\"225\">Godbout, \u00c9milie<\/td>\n<td width=\"205\">Directrice adjointe<\/td>\n<td width=\"290\">\u00c9cole Carle<\/td>\n<\/tr>\n<tr>\n<td width=\"225\">Goudreau, Manon<\/td>\n<td width=\"205\">Directrice adjointe<\/td>\n<td width=\"290\">\u00c9cole du Petit-Prince<\/td>\n<\/tr>\n<tr>\n<td width=\"225\">Gravel, Marie-Pier<\/td>\n<td width=\"205\">Directrice adjointe par int\u00e9rim<\/td>\n<td width=\"290\">\u00c9cole L\u2019Oiseau Bleu<\/td>\n<\/tr>\n<tr>\n<td width=\"225\">Jolivette, Claudie<\/td>\n<td width=\"205\">Directrice adjointe par int\u00e9rim<\/td>\n<td width=\"290\">\u00c9cole de Touraine<\/td>\n<\/tr>\n<tr>\n<td width=\"225\">Julien-Genois, \u00c9milie<\/td>\n<td width=\"205\">Directrice adjointe par int\u00e9rim<\/td>\n<td width=\"290\">Polyvalente du Carrefour<\/td>\n<\/tr>\n<tr>\n<td width=\"225\">Lachance, Sophie<\/td>\n<td width=\"205\">Directrice<\/td>\n<td width=\"290\">\u00c9cole de la Travers\u00e9e<\/td>\n<\/tr>\n<tr>\n<td width=\"225\">Lamothe, Nancy<\/td>\n<td width=\"205\">Directrice<\/td>\n<td width=\"290\">\u00c9cole des C\u00e9pages<\/td>\n<\/tr>\n<tr>\n<td width=\"225\">Landry-Bergeron, Nicolas<\/td>\n<td width=\"205\">Directeur adjoint<\/td>\n<td width=\"290\">\u00c9cole polyvalente Nicolas-Gatineau<\/td>\n<\/tr>\n<tr>\n<td width=\"225\">Lanthier, Julie<\/td>\n<td width=\"205\">Directrice adjointe<\/td>\n<td width=\"290\">\u00c9cole de la Sablonni\u00e8re<\/td>\n<\/tr>\n<tr>\n<td width=\"225\">Laporte-Saumure, Isabelle<\/td>\n<td width=\"205\">Directrice adjointe<\/td>\n<td width=\"290\">Polyvalente de l\u2019\u00c9rabli\u00e8re<\/td>\n<\/tr>\n<tr>\n<td width=\"225\">Lapratte, Manon<\/td>\n<td width=\"205\">Directrice<\/td>\n<td width=\"290\">\u00c9cole des Apprentis-Sages<\/td>\n<\/tr>\n<tr>\n<td width=\"225\">Lauzon, Dominique<\/td>\n<td width=\"205\">Directrice adjointe<\/td>\n<td width=\"290\">\u00c9cole polyvalente Nicolas-Gatineau<\/td>\n<\/tr>\n<tr>\n<td width=\"225\">Lavictoire, Caroline<\/td>\n<td width=\"205\">Directrice adjointe<\/td>\n<td width=\"290\">\u00c9cole La Source<\/td>\n<\/tr>\n<tr>\n<td width=\"225\">L\u00e9ger, Isabelle<\/td>\n<td width=\"205\">Directrice adjointe<\/td>\n<td width=\"290\">\u00c9cole du Vallon et \u00c9cole Mass\u00e9<\/td>\n<\/tr>\n<tr>\n<td width=\"225\">Maheu, Marie-Claude<\/td>\n<td width=\"205\">Directrice<\/td>\n<td width=\"290\">\u00c9cole des Trois-Saisons<\/td>\n<\/tr>\n<tr>\n<td width=\"225\">Massie, Annick<\/td>\n<td width=\"205\">Directrice<\/td>\n<td width=\"290\">\u00c9cole de l\u2019Escalade<\/td>\n<\/tr>\n<tr>\n<td width=\"225\">Meunier, Annie<\/td>\n<td width=\"205\">Directrice adjointe<\/td>\n<td width=\"290\">\u00c9cole du Cheval-Blanc<\/td>\n<\/tr>\n<tr>\n<td width=\"225\">Morin-N\u00e9ron, Jessika<\/td>\n<td width=\"205\">Directrice<\/td>\n<td width=\"290\">\u00c9cole de la Mont\u00e9e<\/td>\n<\/tr>\n<tr>\n<td width=\"225\">Morissette, Karine<\/td>\n<td width=\"205\">Directrice<\/td>\n<td width=\"290\">\u00c9cole de la Rose-des-Vents<\/td>\n<\/tr>\n<tr>\n<td width=\"225\">Normand, Lyne<\/td>\n<td width=\"205\">Directrice<\/td>\n<td width=\"290\">\u00c9cole du Sommet<\/td>\n<\/tr>\n<tr>\n<td width=\"225\">Osborne, Juli<\/td>\n<td width=\"205\">Directrice<\/td>\n<td width=\"290\">\u00c9cole de la Sablonni\u00e8re<\/td>\n<\/tr>\n<tr>\n<td width=\"225\">Ouellette, Nathalie<\/td>\n<td width=\"205\">Directrice adjointe par int\u00e9rim<\/td>\n<td width=\"290\">Polyvalente du Carrefour<\/td>\n<\/tr>\n<tr>\n<td width=\"225\">Paradis, Myriam<\/td>\n<td width=\"205\">Directrice<\/td>\n<td width=\"290\">\u00c9cole secondaire du Versant<\/td>\n<\/tr>\n<tr>\n<td width=\"225\">Pich\u00e9, \u00c9milie<\/td>\n<td width=\"205\">Directrice adjointe<\/td>\n<td width=\"290\">Polyvalente de l\u2019\u00c9rabli\u00e8re<\/td>\n<\/tr>\n<tr>\n<td width=\"225\">Plouffe, M\u00e9lanie<\/td>\n<td width=\"205\">Directrice<\/td>\n<td width=\"290\">\u00c9cole la Source<\/td>\n<\/tr>\n<tr>\n<td width=\"225\">Raymond, Andr\u00e9<\/td>\n<td width=\"205\">Directeur<\/td>\n<td width=\"290\">\u00c9cole du Vallon<\/td>\n<\/tr>\n<tr>\n<td width=\"225\">Raymond, Genevi\u00e8ve<\/td>\n<td width=\"205\">Directrice<\/td>\n<td width=\"290\">\u00c9cole de l\u2019\u00c9quipage<\/td>\n<\/tr>\n<tr>\n<td width=\"225\">R\u00e9gimbald, Julie<\/td>\n<td width=\"205\">Directrice<\/td>\n<td width=\"290\">\u00c9cole de Touraine<\/td>\n<\/tr>\n<tr>\n<td width=\"225\">Rioux, Nathalie<\/td>\n<td width=\"205\">Directrice<\/td>\n<td width=\"290\">\u00c9cole de l\u2019Or\u00e9e-des-Bois<\/td>\n<\/tr>\n<tr>\n<td width=\"225\">Roberge, Jacinthe<\/td>\n<td width=\"205\">Directrice adjointe<\/td>\n<td width=\"290\">Polyvalente de l\u2019\u00c9rabli\u00e8re<\/td>\n<\/tr>\n<tr>\n<td width=\"225\">Rodgers, Josiane<\/td>\n<td width=\"205\">Directrice adjointe<\/td>\n<td width=\"290\">\u00c9cole de l\u2019Envol\u00e9e<\/td>\n<\/tr>\n<tr>\n<td width=\"225\">Roy, Isabelle<\/td>\n<td width=\"205\">Directrice adjointe<\/td>\n<td width=\"290\">\u00c9cole des Trois-Saisons<\/td>\n<\/tr>\n<tr>\n<td width=\"225\">Roy, Isabelle<\/td>\n<td width=\"205\">Directrice adjointe<\/td>\n<td width=\"290\">\u00c9cole du Sommet et \u00c9cole de l\u2019\u00c9quipage<\/td>\n<\/tr>\n<tr>\n<td width=\"225\">Smith, V\u00e9ronique<\/td>\n<td width=\"205\">Directrice adjointe<\/td>\n<td width=\"290\">\u00c9cole polvyvalente Nicolas-Gatineau<\/td>\n<\/tr>\n<tr>\n<td width=\"225\">Th\u00e9berge, Marie-\u00c8ve<\/td>\n<td width=\"205\">Directrice<\/td>\n<td width=\"290\">Polyvalente du Carrefour<\/td>\n<\/tr>\n<tr>\n<td width=\"225\">Touati, Smail<\/td>\n<td width=\"205\">Directrice adjointe<\/td>\n<td width=\"290\">\u00c9cole polvyvalente Nicolas-Gatineau<\/td>\n<\/tr>\n<tr>\n<td width=\"225\">Trempe, Natalie<\/td>\n<td width=\"205\">Directrice adjointe<\/td>\n<td width=\"290\">\u00c9cole de l\u2019Odyss\u00e9e<\/td>\n<\/tr>\n<tr>\n<td width=\"225\">Trottier, Nathalie<\/td>\n<td width=\"205\">Directrice<\/td>\n<td width=\"290\">\u00c9cole de l\u2019Oiseau Bleu<\/td>\n<\/tr>\n<tr>\n<td width=\"225\">Trudel, Judith<\/td>\n<td width=\"205\">Directrice<\/td>\n<td width=\"290\">\u00c9cole Le Tremplin<\/td>\n<\/tr>\n<tr>\n<td width=\"225\">Turgeon, Sarah<\/td>\n<td width=\"205\">Directrice adjointe<\/td>\n<td width=\"290\">\u00c9cole secondaire du Versant<\/td>\n<\/tr>\n<tr>\n<td width=\"225\">Vallerand, Nancy<\/td>\n<td width=\"205\">Directrice adjointe<\/td>\n<td width=\"290\">Ecole de l\u2019Or\u00e9e des Bois et \u00c9cole des Belles-Rives<\/td>\n<\/tr>\n<tr>\n<td width=\"225\">Valois, Caroline<\/td>\n<td width=\"205\">Directrice<\/td>\n<td width=\"290\">\u00c9cole de l\u2019Odyss\u00e9e<\/td>\n<\/tr>\n<\/tbody>\n<\/table>","_et_gb_content_width":"","footnotes":""},"class_list":["post-201","page","type-page","status-publish","hentry"],"_links":{"self":[{"href":"https:\/\/adeoq.com\/index.php?rest_route=\/wp\/v2\/pages\/201","targetHints":{"allow":["GET"]}}],"collection":[{"href":"https:\/\/adeoq.com\/index.php?rest_route=\/wp\/v2\/pages"}],"about":[{"href":"https:\/\/adeoq.com\/index.php?rest_route=\/wp\/v2\/types\/page"}],"author":[{"embeddable":true,"href":"https:\/\/adeoq.com\/index.php?rest_route=\/wp\/v2\/users\/1"}],"replies":[{"embeddable":true,"href":"https:\/\/adeoq.com\/index.php?rest_route=%2Fwp%2Fv2%2Fcomments&post=201"}],"version-history":[{"count":84,"href":"https:\/\/adeoq.com\/index.php?rest_route=\/wp\/v2\/pages\/201\/revisions"}],"predecessor-version":[{"id":2412,"href":"https:\/\/adeoq.com\/index.php?rest_route=\/wp\/v2\/pages\/201\/revisions\/2412"}],"wp:attachment":[{"href":"https:\/\/adeoq.com\/index.php?rest_route=%2Fwp%2Fv2%2Fmedia&parent=201"}],"curies":[{"name":"wp","href":"https:\/\/api.w.org\/{rel}","templated":true}]}}