{"id":205,"date":"2014-11-19T20:44:34","date_gmt":"2014-11-19T20:44:34","guid":{"rendered":"https:\/\/adeoq.com\/\/?page_id=205"},"modified":"2025-10-26T18:27:07","modified_gmt":"2025-10-26T18:27:07","slug":"commission-scolaire-des-portages-de-loutaouais","status":"publish","type":"page","link":"https:\/\/adeoq.com\/?page_id=205","title":{"rendered":"Centre des services scolaire des Portages-de-l&rsquo;Outaouais"},"content":{"rendered":"<p><strong>Coordonnateur: Jocelyn Bourdon<\/strong><\/p>\n<p><a href=\"https:\/\/www.csspo.gouv.qc.ca\/etablissements\/\">Liste et coordonn\u00e9es des \u00e9tablissements scolaires de la CSSPO<\/a><\/p>\n<table width=\"100%\">\n<tbody>\n<tr>\n<td width=\"184\">Ada, Rachelle<\/td>\n<td width=\"157\">Directrice<\/td>\n<td width=\"224\">\u00c9cole Saint-Jean-Bosco<\/td>\n<\/tr>\n<tr>\n<td width=\"184\">Auger, Martin<\/td>\n<td width=\"157\">Directeur<\/td>\n<td width=\"224\">\u00c9cole du Lac-des-F\u00e9es<\/td>\n<\/tr>\n<tr>\n<td width=\"184\">Bazinet, M\u00e9lanie<\/td>\n<td width=\"157\">Directrice adjointe<\/td>\n<td width=\"224\">\u00c9cole du Lac-des-F\u00e9es et Saint-Jean-Bosco<\/td>\n<\/tr>\n<tr>\n<td width=\"184\">Beauchamp, Louise<\/td>\n<td width=\"157\">Directrice<\/td>\n<td width=\"224\">\u00c9cole du Plateau<\/td>\n<\/tr>\n<tr>\n<td width=\"184\">Beaudry, Simon<\/td>\n<td width=\"157\">Directeur<\/td>\n<td width=\"224\">\u00c9cole internationale du Village<\/td>\n<\/tr>\n<tr>\n<td width=\"184\">B\u00e9dard, Genevi\u00e8ve<\/td>\n<td width=\"157\">Directrice adjointe<\/td>\n<td width=\"224\">\u00c9cole du Grand-H\u00e9ron<\/td>\n<\/tr>\n<tr>\n<td width=\"184\">B\u00e9langer, Fran\u00e7ois<\/td>\n<td width=\"157\">Directeur<\/td>\n<td width=\"224\">\u00c9cole secondaire Mont-Bleu<\/td>\n<\/tr>\n<tr>\n<td width=\"184\">Belley, Sonia<\/td>\n<td width=\"157\">Directrice<\/td>\n<td width=\"224\">\u00c9cole Saint-R\u00e9dempteur<\/td>\n<\/tr>\n<tr>\n<td width=\"184\">Belzile-Qu\u00e9vy, Gabrielle<\/td>\n<td width=\"157\">Directrice adjointe<\/td>\n<td width=\"224\">\u00c9cole secondaire de la Cit\u00e9<\/td>\n<\/tr>\n<tr>\n<td width=\"184\">Bernard, \u00c9rika<\/td>\n<td width=\"157\">Directrice adjointe<\/td>\n<td width=\"224\">\u00c9cole de la Petite-Ourse et Vall\u00e9e-des-Voyageurs<\/td>\n<\/tr>\n<tr>\n<td width=\"184\">Bernier, Christiano<\/td>\n<td width=\"157\">Directeur adjoint<\/td>\n<td width=\"224\">\u00c9cole secondaire Mont-Bleu<\/td>\n<\/tr>\n<tr>\n<td width=\"184\">Bouchard, Julie<\/td>\n<td width=\"157\">Directrice<\/td>\n<td width=\"224\">\u00c9cole du Marais<\/td>\n<\/tr>\n<tr>\n<td width=\"184\">Bourdon, Jocelyn<\/td>\n<td width=\"157\">Directeur<\/td>\n<td width=\"224\">\u00c9cole des Rapides-Desch\u00eanes<\/td>\n<\/tr>\n<tr>\n<td width=\"184\">Caron, Chantal<\/td>\n<td width=\"157\">Directrice<\/td>\n<td width=\"224\">\u00c9cole du Grand-H\u00e9ron<\/td>\n<\/tr>\n<tr>\n<td width=\"184\">Cauchon, Julien<\/td>\n<td width=\"157\">Directeur<\/td>\n<td width=\"224\">\u00c9cole Notre-Dame<\/td>\n<\/tr>\n<tr>\n<td width=\"184\">Chatillon, Lisa Marie<\/td>\n<td width=\"157\">Directrice<\/td>\n<td width=\"224\">\u00c9cole de l\u2019Am\u00e9rique-Fran\u00e7aise<\/td>\n<\/tr>\n<tr>\n<td width=\"184\">Chauvin, Caroline<\/td>\n<td width=\"157\">Directrice adjointe<\/td>\n<td width=\"224\">\u00c9cole secondaire de l\u2019\u00eele<\/td>\n<\/tr>\n<tr>\n<td width=\"184\">Contant, H\u00e9l\u00e8ne<\/td>\n<td width=\"157\">Directrice adjointe<\/td>\n<td width=\"224\">\u00c9cole secondaire de l\u2019\u00eele<\/td>\n<\/tr>\n<tr>\n<td width=\"184\">C\u00f4t\u00e9, Kim<\/td>\n<td width=\"157\">Directrice<\/td>\n<td width=\"224\">\u00c9cole au C\u0153ur-des-Collines<\/td>\n<\/tr>\n<tr>\n<td width=\"184\">Courbron, Annie<\/td>\n<td width=\"157\">Directrice<\/td>\n<td width=\"224\">\u00c9cole de la Petite-Ourse<\/td>\n<\/tr>\n<tr>\n<td width=\"184\">Cousineau, Chantal<\/td>\n<td width=\"157\">Directrice<\/td>\n<td width=\"224\">\u00c9cole internationale du Mont-Bleu<\/td>\n<\/tr>\n<tr>\n<td width=\"184\">Cyr, C\u00e9line<\/td>\n<td width=\"157\">Directrice<\/td>\n<td width=\"224\">\u00c9cole des Tournesols<\/td>\n<\/tr>\n<tr>\n<td width=\"184\">Cyr, Lise<\/td>\n<td width=\"157\">Directrice<\/td>\n<td width=\"224\">\u00c9cole de l\u2019Aigle<\/td>\n<\/tr>\n<tr>\n<td width=\"184\">De Maupeou, Anne-Marie<\/td>\n<td width=\"157\">Directrice adjointe<\/td>\n<td width=\"224\">\u00c9cole de la For\u00eat<\/td>\n<\/tr>\n<tr>\n<td width=\"184\">Desjardins, St\u00e9phane<\/td>\n<td width=\"157\">Directeur<\/td>\n<td width=\"224\">\u00c9cole secondaire des Lacs<\/td>\n<\/tr>\n<tr>\n<td width=\"184\">Diab, Kateri<\/td>\n<td width=\"157\">Directrice adjointe<\/td>\n<td width=\"224\">\u00c9cole secondaire Grande-Rivi\u00e8re<\/td>\n<\/tr>\n<tr>\n<td width=\"184\">Dubuc, Catherine<\/td>\n<td width=\"157\">Directrice<\/td>\n<td width=\"224\">\u00c9cole secondaire de la Cit\u00e9<\/td>\n<\/tr>\n<tr>\n<td width=\"184\">Duguay, M\u00e9lanie<\/td>\n<td width=\"157\">Directrice adjointe<\/td>\n<td width=\"224\">\u00c9cole des Cavaliers<\/td>\n<\/tr>\n<tr>\n<td width=\"184\">\u00c9mond, Martine<\/td>\n<td width=\"157\">Directrice adjointe<\/td>\n<td width=\"224\">\u00c9cole secondaire Grande-Rivi\u00e8re<\/td>\n<\/tr>\n<tr>\n<td width=\"184\">Gagnon, Adam<\/td>\n<td width=\"157\">Directeur<\/td>\n<td width=\"224\">\u00c9cole secondaire de l\u2019\u00eele<\/td>\n<\/tr>\n<tr>\n<td width=\"184\">Giroux, Vincent<\/td>\n<td width=\"157\">Directeur adjoint<\/td>\n<td width=\"224\">\u00c9cole du Grand-Bois\u00e9<\/td>\n<\/tr>\n<tr>\n<td width=\"184\">Gravelle, Vickie<\/td>\n<td width=\"157\">Directrice<\/td>\n<td width=\"224\">\u00c9cole Jean-de-Br\u00e9beuf<\/td>\n<\/tr>\n<tr>\n<td width=\"184\">Guitard, Serge<\/td>\n<td width=\"157\">Directeur<\/td>\n<td width=\"224\">\u00c9cole secondaire Grande-Rivi\u00e8re<\/td>\n<\/tr>\n<tr>\n<td width=\"184\">Hall, M\u00e9lanie<\/td>\n<td width=\"157\">Directrice<\/td>\n<td width=\"224\">\u00c9cole internationale du village<\/td>\n<\/tr>\n<tr>\n<td width=\"184\">Houle, Jessica<\/td>\n<td width=\"157\">Directrice adjointe<\/td>\n<td width=\"224\">\u00c9cole au C\u0153ur-des Collines et \u00c9cole du Plateau<\/td>\n<\/tr>\n<tr>\n<td width=\"184\">Huguet-Latour, Joffrey<\/td>\n<td width=\"157\">Directeur adjoint<\/td>\n<td width=\"224\">\u00c9cole secondaire de la Cit\u00e9<\/td>\n<\/tr>\n<tr>\n<td width=\"184\">Kamel, Inji<\/td>\n<td width=\"157\">Directrice adjointe<\/td>\n<td width=\"224\">Centre d\u2019\u00e9ducation des adultes Portages-de-l\u2019Outaouais<\/td>\n<\/tr>\n<tr>\n<td width=\"184\">Ipperciel, Vincent<\/td>\n<td width=\"157\">Directeur adjoint<\/td>\n<td width=\"224\">\u00c9cole secondaire de la Nouvelle-\u00c8re<\/td>\n<\/tr>\n<tr>\n<td width=\"184\">Labelle, Chantal<\/td>\n<td width=\"157\">Directrice<\/td>\n<td width=\"224\">\u00c9cole C\u00f4te-du-Nord<\/td>\n<\/tr>\n<tr>\n<td width=\"184\">Labelle, Genevi\u00e8ve<\/td>\n<td width=\"157\">Directrice adjointe<\/td>\n<td width=\"224\">\u00c9cole secondaire Grande-Rivi\u00e8re<\/td>\n<\/tr>\n<tr>\n<td width=\"184\"><\/td>\n<td width=\"157\"><\/td>\n<td width=\"224\"><\/td>\n<\/tr>\n<tr>\n<td width=\"184\">Laberge, Chantal<\/td>\n<td width=\"157\">Directrice<\/td>\n<td width=\"224\">Centre d\u2019\u00e9ducation des adultes Portages-de-l\u2019Outaouais<\/td>\n<\/tr>\n<tr>\n<td width=\"184\">Lamontagne, Catherine<\/td>\n<td width=\"157\">Directrice adjointe<\/td>\n<td width=\"224\">\u00c9cole des Deux-Ruisseaux<\/td>\n<\/tr>\n<tr>\n<td width=\"184\">Legault, Isabelle<\/td>\n<td width=\"157\">Directrice<\/td>\n<td width=\"224\">\u00c9cole Saint-Paul<\/td>\n<\/tr>\n<tr>\n<td width=\"184\">Lessard, Caroline<\/td>\n<td width=\"157\">Directrice adjointe<\/td>\n<td width=\"224\">\u00c9cole Saint-Paul et \u00c9cole du D\u00f4me<\/td>\n<\/tr>\n<tr>\n<td width=\"184\">Lowe, Isabelle<\/td>\n<td width=\"157\">Directrice<\/td>\n<td width=\"224\">\u00c9cole de la For\u00eat<\/td>\n<\/tr>\n<tr>\n<td width=\"184\">Madore, Annick<\/td>\n<td width=\"157\">Directrice adjointe<\/td>\n<td width=\"224\">\u00c9cole de l\u2019Am\u00e9rique-Fran\u00e7aise<\/td>\n<\/tr>\n<tr>\n<td width=\"184\">McIvor, Nicole<\/td>\n<td width=\"157\">Directrice adjointe<\/td>\n<td width=\"224\">\u00c9cole secondaire Grande-Rivi\u00e8re<\/td>\n<\/tr>\n<tr>\n<td width=\"184\">Mercier, Myl\u00e8ne<\/td>\n<td width=\"157\">Directrice<\/td>\n<td width=\"224\">\u00c9cole secondaire de la Nouvelle-\u00c8re<\/td>\n<\/tr>\n<tr>\n<td width=\"184\">Modery, Nadia<\/td>\n<td width=\"157\">Directrice adjointe<\/td>\n<td width=\"224\">\u00c9cole Euclide-Lanthier et \u00c9cole des Rapides-Desch\u00eanes<\/td>\n<\/tr>\n<tr>\n<td width=\"184\">Montambeault, Lison<\/td>\n<td width=\"157\">Directrice<\/td>\n<td width=\"224\">Charg\u00e9e d&rsquo;encadrement TELUQ<\/td>\n<\/tr>\n<tr>\n<td width=\"184\">Moreau, Caroline<\/td>\n<td width=\"157\">Directrice<\/td>\n<td width=\"224\">\u00c9cole de la\u00a0Vall\u00e9e-des-Voyageurs (Immeuble Notre-Dame-de-la-Joie) &amp; \u00c9cole de la Vall\u00e9e-des-Voyageurs (Immeuble Ste-Marie)<\/td>\n<\/tr>\n<tr>\n<td width=\"184\">Nkoghe, Jonathan<\/td>\n<td width=\"157\">Directeur adjoint<\/td>\n<td width=\"224\">\u00c9cole secondaire Grande-Rivi\u00e8re<\/td>\n<\/tr>\n<tr>\n<td width=\"184\">Ouellet, Micha\u00ebl<\/td>\n<td width=\"157\">Directeur adjoint<\/td>\n<td width=\"224\">\u00c9cole du Vieux-Verger<\/td>\n<\/tr>\n<tr>\n<td width=\"184\">Paquin, Janick<\/td>\n<td width=\"157\">Directrice<\/td>\n<td width=\"224\">\u00c9cole des Trois-Portages<\/td>\n<\/tr>\n<tr>\n<td width=\"184\">Pelletier, Marie-Elen<\/td>\n<td width=\"157\">Directrice<\/td>\n<td width=\"224\">\u00c9cole du D\u00f4me<\/td>\n<\/tr>\n<tr>\n<td width=\"184\">Philippe, Anik<\/td>\n<td width=\"157\">Directrice<\/td>\n<td width=\"224\">\u00c9cole des Deux-Ruisseaux<\/td>\n<\/tr>\n<tr>\n<td width=\"184\">Poirier, Viviane<\/td>\n<td width=\"157\">Directrice<\/td>\n<td width=\"224\">\u00c9cole du Vieux-Verger<\/td>\n<\/tr>\n<tr>\n<td width=\"184\">Pytura, Isabelle<\/td>\n<td width=\"157\">Directrice adjointe<\/td>\n<td width=\"224\">\u00c9cole secondaire Mont-Bleu<\/td>\n<\/tr>\n<tr>\n<td width=\"184\">Raposo, Sandy<\/td>\n<td width=\"157\">Directrice<\/td>\n<td width=\"224\">\u00c9cole Euclide-Lanthier<\/td>\n<\/tr>\n<tr>\n<td width=\"184\">Savoie Leblanc, Caroline<\/td>\n<td width=\"157\">Directrice adjointe<\/td>\n<td width=\"224\">\u00c9cole secondaire de la Nouvelle-\u00c8re<\/td>\n<\/tr>\n<tr>\n<td width=\"184\">Saumure, Caroline<\/td>\n<td width=\"157\">Directrice<\/td>\n<td width=\"224\">\u00c9cole du Grand-Bois\u00e9<\/td>\n<\/tr>\n<tr>\n<td width=\"184\">S\u00e9guin, \u00c9milie<\/td>\n<td width=\"157\">Directrice<\/td>\n<td width=\"224\">\u00c9cole du Parc-de-la-Montagne<\/td>\n<\/tr>\n<tr>\n<td width=\"184\">S\u00e9vigny, Line<\/td>\n<td width=\"157\">Directrice<\/td>\n<td width=\"224\">\u00a0\u00c9cole des Cavaliers<\/td>\n<\/tr>\n<tr>\n<td width=\"184\">Thiam, Ndeye<\/td>\n<td width=\"157\">Directrice adjointe<\/td>\n<td width=\"224\">\u00c9cole secondaire Mont-Bleu<\/td>\n<\/tr>\n<tr>\n<td width=\"184\">Tremblay, Manon<\/td>\n<td width=\"157\">Directrice adjointe<\/td>\n<td width=\"224\">\u00c9cole du Parc-de-la-Montagne<\/td>\n<\/tr>\n<tr>\n<td width=\"184\">Tr\u00e9panier, Isabel<\/td>\n<td width=\"157\">Directrice adjointe<\/td>\n<td width=\"224\">\u00c9cole secondaire de l\u2019\u00eele<\/td>\n<\/tr>\n<tr>\n<td width=\"184\">Vall\u00e9e, Camille<\/td>\n<td width=\"157\">Directrice adjointe<\/td>\n<td width=\"224\">\u00c9cole Notre-Dame et \u00c9cole Saint-R\u00e9dempteur<\/td>\n<\/tr>\n<tr>\n<td width=\"184\">Vanhooren, Romain<\/td>\n<td width=\"157\">Directeur adjoint<\/td>\n<td width=\"224\">\u00c9cole secondaire Mont-Bleu<\/td>\n<\/tr>\n<\/tbody>\n<\/table>\n","protected":false},"excerpt":{"rendered":"<p>Coordonnateur: Jocelyn Bourdon Liste et coordonn\u00e9es des \u00e9tablissements scolaires de la CSSPO Ada, Rachelle Directrice \u00c9cole Saint-Jean-Bosco Auger, Martin Directeur \u00c9cole du Lac-des-F\u00e9es Bazinet, M\u00e9lanie Directrice adjointe \u00c9cole du Lac-des-F\u00e9es et Saint-Jean-Bosco Beauchamp, Louise Directrice \u00c9cole du Plateau Beaudry, Simon Directeur \u00c9cole internationale du Village B\u00e9dard, Genevi\u00e8ve Directrice adjointe \u00c9cole du Grand-H\u00e9ron B\u00e9langer, Fran\u00e7ois Directeur [&hellip;]<\/p>\n","protected":false},"author":1,"featured_media":0,"parent":0,"menu_order":0,"comment_status":"open","ping_status":"open","template":"","meta":{"_et_pb_use_builder":"","_et_pb_old_content":"","_et_gb_content_width":"","footnotes":""},"class_list":["post-205","page","type-page","status-publish","hentry"],"_links":{"self":[{"href":"https:\/\/adeoq.com\/index.php?rest_route=\/wp\/v2\/pages\/205","targetHints":{"allow":["GET"]}}],"collection":[{"href":"https:\/\/adeoq.com\/index.php?rest_route=\/wp\/v2\/pages"}],"about":[{"href":"https:\/\/adeoq.com\/index.php?rest_route=\/wp\/v2\/types\/page"}],"author":[{"embeddable":true,"href":"https:\/\/adeoq.com\/index.php?rest_route=\/wp\/v2\/users\/1"}],"replies":[{"embeddable":true,"href":"https:\/\/adeoq.com\/index.php?rest_route=%2Fwp%2Fv2%2Fcomments&post=205"}],"version-history":[{"count":78,"href":"https:\/\/adeoq.com\/index.php?rest_route=\/wp\/v2\/pages\/205\/revisions"}],"predecessor-version":[{"id":2401,"href":"https:\/\/adeoq.com\/index.php?rest_route=\/wp\/v2\/pages\/205\/revisions\/2401"}],"wp:attachment":[{"href":"https:\/\/adeoq.com\/index.php?rest_route=%2Fwp%2Fv2%2Fmedia&parent=205"}],"curies":[{"name":"wp","href":"https:\/\/api.w.org\/{rel}","templated":true}]}}