{"id":335,"date":"2015-02-07T22:23:59","date_gmt":"2015-02-07T22:23:59","guid":{"rendered":"https:\/\/adeoq.com\/\/?page_id=335"},"modified":"2026-02-18T04:01:17","modified_gmt":"2026-02-18T04:01:17","slug":"calendrier-des-reunions-3","status":"publish","type":"page","link":"https:\/\/adeoq.com\/?page_id=335","title":{"rendered":"Calendrier des r\u00e9unions"},"content":{"rendered":"<table>\n<tbody>\n<tr>\n<td colspan=\"2\" width=\"474\"><strong>RENCONTRES\u00a0DE l\u2019ADEOQ<\/strong><\/td>\n<\/tr>\n<tr>\n<td colspan=\"2\" width=\"474\"><strong>C.\u00c9. (8h15)<\/strong><\/td>\n<\/tr>\n<tr>\n<td width=\"178\">\u00a015 ao\u00fbt 2025<\/td>\n<td width=\"296\">Via Teams<\/td>\n<\/tr>\n<tr>\n<td width=\"178\">1 octobre 2025<\/td>\n<td width=\"296\">Via Teams<\/td>\n<\/tr>\n<tr>\n<td width=\"178\">20 novembre 2025<\/td>\n<td width=\"296\">Via Teams<\/td>\n<\/tr>\n<tr>\n<td width=\"178\">10 f\u00e9vrier 2026<\/td>\n<td width=\"296\">Via Teams<\/td>\n<\/tr>\n<tr>\n<td width=\"178\">30 mars 2026 (8h30)<\/td>\n<td width=\"296\">Via Teams<\/td>\n<\/tr>\n<tr>\n<td width=\"178\">27 mai 2026 (8h30)<\/td>\n<td width=\"296\">Via Teams<\/td>\n<\/tr>\n<tr>\n<td width=\"178\"><\/td>\n<td width=\"296\"><\/td>\n<\/tr>\n<tr>\n<td colspan=\"2\" width=\"474\"><strong>C.A. (8h30-14h00)<\/strong><\/td>\n<\/tr>\n<tr>\n<td width=\"178\">23 septembre 2025<\/td>\n<td width=\"296\">D\u00e9jeuner et CA<\/td>\n<\/tr>\n<tr>\n<td width=\"178\">16 octobre 2025<\/td>\n<td width=\"296\">Local ADEOQ &#8211; Polyvalente de l&rsquo;\u00c9rabli\u00e8re<\/td>\n<\/tr>\n<tr>\n<td width=\"178\">11 d\u00e9cembre 2025<\/td>\n<td width=\"296\">D\u00e9jeuner ou d\u00eener et CA<\/td>\n<\/tr>\n<tr>\n<td width=\"178\">26 f\u00e9vrier 2026<\/td>\n<td width=\"296\">Local ADEOQ &#8211; Polyvalente de l&rsquo;\u00c9rabli\u00e8re<\/td>\n<\/tr>\n<tr>\n<td width=\"178\">31 mars 2026<\/td>\n<td width=\"296\">\u00c9cole du Nouveau-Monde<\/td>\n<\/tr>\n<tr>\n<td width=\"178\">8 juin 2026<\/td>\n<td width=\"296\">Local ADEOQ &#8211; Polyvalente de l&rsquo;\u00c9rabli\u00e8re suivi d&rsquo;un d\u00eener<\/td>\n<\/tr>\n<tr>\n<td colspan=\"2\" width=\"474\"><strong>ACCUEIL DES NOUVEAUX MEMBRES ET ORDRE DU M\u00c9RITE<\/strong><\/td>\n<\/tr>\n<tr>\n<td width=\"178\">23 octobre 2025<\/td>\n<td width=\"296\">Club de Golf Tecumseh<\/td>\n<\/tr>\n<tr>\n<td colspan=\"2\" width=\"474\"><strong>SEMAINE DES DIRECTIONS<\/strong><\/td>\n<\/tr>\n<tr>\n<td width=\"178\">20 au 24 octobre 2025<\/td>\n<td width=\"296\">\u00a0Semaine des directions<\/td>\n<\/tr>\n<tr>\n<td colspan=\"2\" width=\"474\"><strong>RENCONTRE D\u2019INFORMATIONS POUR FUTUR\/ES RETRAIT\u00c9\/ES<\/strong><\/td>\n<\/tr>\n<tr>\n<td width=\"178\">\u00a0Dates \u00e0 d\u00e9terminer<\/td>\n<td width=\"296\">\u00a0\u00c0 d\u00e9terminer<\/td>\n<\/tr>\n<tr>\n<td colspan=\"2\" width=\"474\"><strong>ASSEMBL\u00c9E G\u00c9N\u00c9RALE ADEOQ<\/strong><\/td>\n<\/tr>\n<tr>\n<td width=\"178\">23 octobre 2025<\/td>\n<td width=\"296\">Club de Golf Tecumseh<\/td>\n<\/tr>\n<tr>\n<td width=\"178\"><strong>CONGR\u00c8S ADEOQ<\/strong><\/td>\n<td width=\"296\"><\/td>\n<\/tr>\n<tr>\n<td width=\"178\">7 et 8 mai 2026<\/td>\n<td width=\"296\">Belv\u00e9d\u00e8re et Ch\u00e2teau Cartier<\/td>\n<\/tr>\n<tr>\n<td colspan=\"2\" width=\"474\"><strong>M\u00c9RITE SCOLAIRE<\/strong><\/td>\n<\/tr>\n<tr>\n<td width=\"178\">Mai et juin 2026<\/td>\n<td width=\"296\"><\/td>\n<\/tr>\n<tr>\n<td colspan=\"2\" width=\"474\"><strong>JOURN\u00c9E SOCIALE DES CADRES<\/strong><\/td>\n<\/tr>\n<tr>\n<td width=\"178\">\u00a02 juillet 2026<\/td>\n<td width=\"296\">\u00c0 d\u00e9terminer<\/td>\n<\/tr>\n<\/tbody>\n<\/table>\n","protected":false},"excerpt":{"rendered":"<p>RENCONTRES\u00a0DE l\u2019ADEOQ C.\u00c9. (8h15) \u00a015 ao\u00fbt 2025 Via Teams 1 octobre 2025 Via Teams 20 novembre 2025 Via Teams 10 f\u00e9vrier 2026 Via Teams 30 mars 2026 (8h30) Via Teams 27 mai 2026 (8h30) Via Teams C.A. (8h30-14h00) 23 septembre 2025 D\u00e9jeuner et CA 16 octobre 2025 Local ADEOQ &#8211; Polyvalente de l&rsquo;\u00c9rabli\u00e8re 11 d\u00e9cembre [&hellip;]<\/p>\n","protected":false},"author":1,"featured_media":0,"parent":0,"menu_order":0,"comment_status":"open","ping_status":"open","template":"","meta":{"_et_pb_use_builder":"off","_et_pb_old_content":"&nbsp;\r\n<table>\r\n<tbody>\r\n<tr>\r\n<td colspan=\"2\" width=\"464\"><strong>RENCONTRES\u00a0DE l\u2019ADEOQ<\/strong><\/td>\r\n<\/tr>\r\n<tr>\r\n<td colspan=\"2\" width=\"464\"><strong>C.\u00c9. (8h15)<\/strong><\/td>\r\n<\/tr>\r\n<tr>\r\n<td width=\"172\">10 octobre 2023<\/td>\r\n<td width=\"289\">Via Teams<\/td>\r\n<\/tr>\r\n<tr>\r\n<td width=\"172\">30 novembre 2023<\/td>\r\n<td width=\"289\">Via Teams<\/td>\r\n<\/tr>\r\n<tr>\r\n<td width=\"172\">6 f\u00e9vrier 2024<\/td>\r\n<td width=\"289\">Via Teams<\/td>\r\n<\/tr>\r\n<tr>\r\n<td width=\"172\">21 mars 2024<\/td>\r\n<td width=\"289\">Via Teams<\/td>\r\n<\/tr>\r\n<tr>\r\n<td width=\"172\">28 mai 2024<\/td>\r\n<td width=\"289\">Via Teams<\/td>\r\n<\/tr>\r\n<tr>\r\n<td width=\"172\">27 juin 2024<\/td>\r\n<td width=\"289\">Via Teams<\/td>\r\n<\/tr>\r\n<tr>\r\n<td colspan=\"2\" width=\"464\"><strong>C.A. (8h30)<\/strong><\/td>\r\n<\/tr>\r\n<tr>\r\n<td width=\"172\">1 septembre 2023<\/td>\r\n<td width=\"289\">D\u00e9jeuner et Local ADEOQ - Polyvalente de l'\u00c9rabli\u00e8re<\/td>\r\n<\/tr>\r\n<tr>\r\n<td width=\"172\">26 octobre 2023<\/td>\r\n<td width=\"289\">Lieu \u00e0 d\u00e9terminer (13h00)<\/td>\r\n<\/tr>\r\n<tr>\r\n<td width=\"172\">15 d\u00e9cembre 2023<\/td>\r\n<td width=\"289\">Lieu \u00e0 d\u00e9terminer (8h30)<\/td>\r\n<\/tr>\r\n<tr>\r\n<td width=\"172\">22 f\u00e9vrier 2024<\/td>\r\n<td width=\"289\">Local ADEOQ - Polyvalente de l'\u00c9rabli\u00e8re<\/td>\r\n<\/tr>\r\n<tr>\r\n<td width=\"172\">11 avril 2024<\/td>\r\n<td width=\"289\">Local ADEOQ - Polyvalente de l'\u00c9rabli\u00e8re<\/td>\r\n<\/tr>\r\n<tr>\r\n<td width=\"172\">6 juin 2024<\/td>\r\n<td width=\"289\">Local ADEOQ - Polyvalente de l'\u00c9rabli\u00e8re suivi d'un d\u00eener<\/td>\r\n<\/tr>\r\n<tr>\r\n<td colspan=\"2\" width=\"464\"><strong>ACCUEIL DES NOUVEAUX MEMBRES<\/strong><\/td>\r\n<\/tr>\r\n<tr>\r\n<td width=\"172\">26 octobre 2023<\/td>\r\n<td width=\"289\">Lieu \u00e0 d\u00e9terminer<\/td>\r\n<\/tr>\r\n<tr>\r\n<td colspan=\"2\" width=\"464\"><strong>SEMAINE DES DIRECTIONS<\/strong><\/td>\r\n<\/tr>\r\n<tr>\r\n<td width=\"172\">16 au 20 octobre 2023<\/td>\r\n<td width=\"289\">\u00a0Semaine des directions<\/td>\r\n<\/tr>\r\n<tr>\r\n<td colspan=\"2\" width=\"464\"><strong>RENCONTRE D\u2019INFORMATIONS POUR FUTUR\/ES RETRAIT\u00c9\/ES<\/strong><\/td>\r\n<\/tr>\r\n<tr>\r\n<td width=\"172\">\u00a0Dates \u00e0 d\u00e9terminer<\/td>\r\n<td width=\"289\">\u00a0A d\u00e9terminer<\/td>\r\n<\/tr>\r\n<tr>\r\n<td colspan=\"2\" width=\"464\"><\/td>\r\n<\/tr>\r\n<tr>\r\n<td colspan=\"2\" width=\"464\"><strong>ASSEMBL\u00c9E G\u00c9N\u00c9RALE ADEOQ<\/strong><\/td>\r\n<\/tr>\r\n<tr>\r\n<td width=\"172\">19 octobre 2023<\/td>\r\n<td width=\"289\">\u00a0Lieu \u00e0 d\u00e9terminer<\/td>\r\n<\/tr>\r\n<tr>\r\n<td colspan=\"2\" width=\"464\"><strong>M\u00c9RITE SCOLAIRE<\/strong><\/td>\r\n<\/tr>\r\n<tr>\r\n<td width=\"172\">Mai et juin 2024<\/td>\r\n<td width=\"289\"><\/td>\r\n<\/tr>\r\n<tr>\r\n<td colspan=\"2\" width=\"464\"><strong>JOURN\u00c9E SOCIALE DES CADRES<\/strong><\/td>\r\n<\/tr>\r\n<tr>\r\n<td width=\"172\">\u00a04 juillet 2024<\/td>\r\n<td width=\"289\"><\/td>\r\n<\/tr>\r\n<\/tbody>\r\n<\/table>\r\n&nbsp;\r\n\r\n<strong>\u00a0<\/strong>\r\n\r\n&nbsp;","_et_gb_content_width":"","footnotes":""},"class_list":["post-335","page","type-page","status-publish","hentry"],"_links":{"self":[{"href":"https:\/\/adeoq.com\/index.php?rest_route=\/wp\/v2\/pages\/335","targetHints":{"allow":["GET"]}}],"collection":[{"href":"https:\/\/adeoq.com\/index.php?rest_route=\/wp\/v2\/pages"}],"about":[{"href":"https:\/\/adeoq.com\/index.php?rest_route=\/wp\/v2\/types\/page"}],"author":[{"embeddable":true,"href":"https:\/\/adeoq.com\/index.php?rest_route=\/wp\/v2\/users\/1"}],"replies":[{"embeddable":true,"href":"https:\/\/adeoq.com\/index.php?rest_route=%2Fwp%2Fv2%2Fcomments&post=335"}],"version-history":[{"count":58,"href":"https:\/\/adeoq.com\/index.php?rest_route=\/wp\/v2\/pages\/335\/revisions"}],"predecessor-version":[{"id":2438,"href":"https:\/\/adeoq.com\/index.php?rest_route=\/wp\/v2\/pages\/335\/revisions\/2438"}],"wp:attachment":[{"href":"https:\/\/adeoq.com\/index.php?rest_route=%2Fwp%2Fv2%2Fmedia&parent=335"}],"curies":[{"name":"wp","href":"https:\/\/api.w.org\/{rel}","templated":true}]}}