{"id":75,"date":"2014-11-19T18:22:49","date_gmt":"2014-11-19T18:22:49","guid":{"rendered":"https:\/\/adeoq.com\/\/?page_id=75"},"modified":"2023-01-21T04:33:58","modified_gmt":"2023-01-21T04:33:58","slug":"liens-utiles","status":"publish","type":"page","link":"https:\/\/adeoq.com\/?page_id=75","title":{"rendered":"Liens utiles"},"content":{"rendered":"<table border=\"0\" width=\"100%\" cellspacing=\"0\" cellpadding=\"0\">\n<tbody>\n<tr>\n<td valign=\"top\">\n<p class=\"Style10\"><a id=\"associations\" name=\"associations\"><\/a><\/p>\n<h3>Les associations<\/h3>\n<table border=\"0\" width=\"100%\" cellspacing=\"1\" cellpadding=\"2\" bgcolor=\"#000000\">\n<tbody>\n<tr>\n<td bgcolor=\"#ececff\"><a href=\"https:\/\/www.aqcs.ca\/\" target=\"_blank\" rel=\"noopener\">Association qu\u00e9b\u00e9coise\u00a0des cadres scolaires<\/a><\/td>\n<\/tr>\n<tr>\n<td bgcolor=\"#ffffff\"><a href=\"http:\/\/www.tourisme-outaouais.ca\/index_f.html\" target=\"_blank\" rel=\"noopener\">Association touristique de l&rsquo;Outaouais<\/a><\/td>\n<\/tr>\n<tr>\n<td bgcolor=\"#ececff\"><a href=\"http:\/\/www.acelf.ca\/\" target=\"_blank\" rel=\"noopener\">Association canadienne d&rsquo;\u00e9ducation de langue fran\u00e7aise<\/a><\/td>\n<\/tr>\n<tr>\n<td bgcolor=\"#ffffff\"><a href=\"http:\/\/www.adigecs.qc.ca\/\" target=\"_blank\" rel=\"noopener\">L&rsquo;Association des directions g\u00e9n\u00e9rales des centres de services scolaires<\/a><\/td>\n<\/tr>\n<\/tbody>\n<\/table>\n<p class=\"Style10\"><a id=\"federations\" name=\"federations\"><\/a><\/p>\n<h3>Les f\u00e9d\u00e9rations<\/h3>\n<table border=\"0\" width=\"100%\" cellspacing=\"1\" cellpadding=\"2\" bgcolor=\"#000000\">\n<tbody>\n<tr>\n<td bgcolor=\"#ececff\"><a href=\"http:\/\/www.fcsq.qc.ca\/\" target=\"_blank\" rel=\"noopener\">F\u00e9d\u00e9ration des centres de services scolaires\u00a0du Qu\u00e9bec<\/a><\/td>\n<\/tr>\n<tr>\n<td bgcolor=\"#ffffff\"><a href=\"http:\/\/www.fqde.qc.ca\/\" target=\"_blank\" rel=\"noopener\">F\u00e9d\u00e9ration Qu\u00e9b\u00e9coise des Directrices et Directeurs d&rsquo;\u00c9tablissement d&rsquo;Enseignement<\/a><\/td>\n<\/tr>\n<tr>\n<td bgcolor=\"#ececff\"><a href=\"https:\/\/www.fcpq.qc.ca\/fr\" target=\"_blank\" rel=\"noopener\">F\u00e9d\u00e9ration des comit\u00e9s de parents du Qu\u00e9bec<\/a><\/td>\n<\/tr>\n<\/tbody>\n<\/table>\n<p class=\"Style10\"><a id=\"organismes\" name=\"organismes\"><\/a><\/p>\n<h3>Les organismes<\/h3>\n<table border=\"0\" width=\"100%\" cellspacing=\"1\" cellpadding=\"2\" bgcolor=\"#000000\">\n<tbody>\n<tr>\n<td bgcolor=\"#ffffff\"><a href=\"http:\/\/www.mels.gouv.qc.ca\/\" target=\"_blank\" rel=\"noopener\">\u00c9ducation et enseignement sup\u00e9rieur<\/a><\/td>\n<\/tr>\n<tr>\n<td bgcolor=\"#ececff\"><a href=\"http:\/\/www.mfa.gouv.qc.ca\/fr\/Pages\/index.aspx\" target=\"_blank\" rel=\"noopener\">Famille Qu\u00e9bec<\/a><\/td>\n<\/tr>\n<tr>\n<td bgcolor=\"#ffffff\"><a href=\"http:\/\/www.cse.gouv.qc.ca\/\" target=\"_blank\" rel=\"noopener\">Conseil sup\u00e9rieur\u00a0de l&rsquo;\u00e9ducation<\/a><\/td>\n<\/tr>\n<tr>\n<td bgcolor=\"#ececff\"><a href=\"https:\/\/www.oqlf.gouv.qc.ca\/accueil.aspx\" target=\"_blank\" rel=\"noopener\">L&rsquo;Office qu\u00e9b\u00e9cois de la langue fran\u00e7aise<\/a><\/td>\n<\/tr>\n<tr>\n<td bgcolor=\"#ffffff\"><a href=\"https:\/\/www.canada.ca\/home.html\" target=\"_blank\" rel=\"noopener\">Gouvernement du Canada<\/a><\/td>\n<\/tr>\n<tr>\n<td bgcolor=\"#ececff\"><a href=\"https:\/\/cpn.gouv.qc.ca\/cpncf\/\" target=\"_blank\" rel=\"noopener\">Les Comit\u00e9s Patronaux de n\u00e9gociation<\/a><\/td>\n<\/tr>\n<tr>\n<td bgcolor=\"#ffffff\"><a href=\"http:\/\/www.carra.gouv.qc.ca\/\" target=\"_blank\" rel=\"noopener\">La commission administrative des r\u00e9gimes de retraite et d&rsquo;assurances<\/a> (<a href=\"http:\/\/www.carra.gouv.qc.ca\/\" target=\"_blank\" rel=\"noopener\">CARRA<\/a>)<\/td>\n<\/tr>\n<\/tbody>\n<\/table>\n<p class=\"Style10\"><a id=\"cs\" name=\"cs\"><\/a><\/p>\n<h3>Les Centres de services scolaires, l&rsquo;UQO et le C\u00e9gep<\/h3>\n<table border=\"0\" width=\"100%\" cellspacing=\"1\" cellpadding=\"2\" bgcolor=\"#000000\">\n<tbody>\n<tr>\n<td bgcolor=\"#ffffff\"><a href=\"http:\/\/www.cscv.qc.ca\/\" target=\"_blank\" rel=\"noopener\">Centre de services scolaire au Coeur-des-Vall\u00e9es<\/a><\/td>\n<\/tr>\n<tr>\n<td bgcolor=\"#ececff\"><a href=\"https:\/\/www.cssd.gouv.qc.ca\/\" target=\"_blank\" rel=\"noopener\">Centre de services scolaire des Draveurs<\/a><\/td>\n<\/tr>\n<tr>\n<td bgcolor=\"#ffffff\"><a href=\"http:\/\/www.cshbo.qc.ca\/\" target=\"_blank\" rel=\"noopener\">Centre de services scolaire des Hauts-Bois-de-l&rsquo;Outaouais<\/a><\/td>\n<\/tr>\n<tr>\n<td bgcolor=\"#ececff\"><a href=\"http:\/\/www.cspo.qc.ca\/\" target=\"_blank\" rel=\"noopener\">Centre de services\u00a0scolaire des Portages-de-l&rsquo;Outaouais<\/a><\/td>\n<\/tr>\n<tr>\n<td bgcolor=\"#ffffff\"><a href=\"http:\/\/www.uqo.ca\/www\/index_flash.shtml\" target=\"_blank\" rel=\"noopener\">Universit\u00e9 du Qu\u00e9bec en Outaouais<\/a><\/td>\n<\/tr>\n<tr>\n<td bgcolor=\"#ececff\"><a href=\"http:\/\/www.cegepoutaouais.qc.ca\/\" target=\"_blank\" rel=\"noopener\">C\u00c9GEP de l&rsquo;Outaouais<\/a><\/td>\n<\/tr>\n<\/tbody>\n<\/table>\n<p class=\"Style10\"><a id=\"autres\" name=\"autres\"><\/a><\/p>\n<h3>Autres<\/h3>\n<table border=\"0\" width=\"100%\" cellspacing=\"1\" cellpadding=\"2\" bgcolor=\"#000000\">\n<tbody>\n<tr>\n<td bgcolor=\"#ffffff\"><a href=\"http:\/\/www.ville.gatineau.qc.ca\/page.asp?p=accueil\" target=\"_blank\" rel=\"noopener\">La ville de Gatineau dans l&rsquo;Outaouais<\/a><\/td>\n<\/tr>\n<tr>\n<td bgcolor=\"#ececff\"><a href=\"http:\/\/www.tourismeoutaouais.com\/home\/index_f.asp\" target=\"_blank\" rel=\"noopener\">R\u00e9gion touristique de l&rsquo;Outaouais<\/a><\/td>\n<\/tr>\n<\/tbody>\n<\/table>\n<\/td>\n<\/tr>\n<\/tbody>\n<\/table>\n","protected":false},"excerpt":{"rendered":"<p>Les associations Association qu\u00e9b\u00e9coise\u00a0des cadres scolaires Association touristique de l&rsquo;Outaouais Association canadienne d&rsquo;\u00e9ducation de langue fran\u00e7aise L&rsquo;Association des directions g\u00e9n\u00e9rales des centres de services scolaires Les f\u00e9d\u00e9rations F\u00e9d\u00e9ration des centres de services scolaires\u00a0du Qu\u00e9bec F\u00e9d\u00e9ration Qu\u00e9b\u00e9coise des Directrices et Directeurs d&rsquo;\u00c9tablissement d&rsquo;Enseignement F\u00e9d\u00e9ration des comit\u00e9s de parents du Qu\u00e9bec Les organismes \u00c9ducation et enseignement sup\u00e9rieur [&hellip;]<\/p>\n","protected":false},"author":1,"featured_media":0,"parent":0,"menu_order":0,"comment_status":"open","ping_status":"open","template":"","meta":{"_et_pb_use_builder":"","_et_pb_old_content":"","_et_gb_content_width":"","footnotes":""},"class_list":["post-75","page","type-page","status-publish","hentry"],"_links":{"self":[{"href":"https:\/\/adeoq.com\/index.php?rest_route=\/wp\/v2\/pages\/75","targetHints":{"allow":["GET"]}}],"collection":[{"href":"https:\/\/adeoq.com\/index.php?rest_route=\/wp\/v2\/pages"}],"about":[{"href":"https:\/\/adeoq.com\/index.php?rest_route=\/wp\/v2\/types\/page"}],"author":[{"embeddable":true,"href":"https:\/\/adeoq.com\/index.php?rest_route=\/wp\/v2\/users\/1"}],"replies":[{"embeddable":true,"href":"https:\/\/adeoq.com\/index.php?rest_route=%2Fwp%2Fv2%2Fcomments&post=75"}],"version-history":[{"count":16,"href":"https:\/\/adeoq.com\/index.php?rest_route=\/wp\/v2\/pages\/75\/revisions"}],"predecessor-version":[{"id":1881,"href":"https:\/\/adeoq.com\/index.php?rest_route=\/wp\/v2\/pages\/75\/revisions\/1881"}],"wp:attachment":[{"href":"https:\/\/adeoq.com\/index.php?rest_route=%2Fwp%2Fv2%2Fmedia&parent=75"}],"curies":[{"name":"wp","href":"https:\/\/api.w.org\/{rel}","templated":true}]}}